{"id":262,"date":"2024-11-01T13:38:23","date_gmt":"2024-11-01T16:38:23","guid":{"rendered":"http:\/\/achavalip.ar\/?page_id=262"},"modified":"2026-04-05T19:46:48","modified_gmt":"2026-04-05T22:46:48","slug":"262-2","status":"publish","type":"page","link":"https:\/\/achavalip.ar\/?page_id=262","title":{"rendered":""},"content":{"rendered":"\n<div class=\"wp-block-group has-global-padding is-layout-constrained wp-block-group-is-layout-constrained\">\n<h2 class=\"wp-block-heading\"><strong>Servicios<\/strong><\/h2>\n<\/div>\n\n\n\n<div class=\"wp-block-group has-global-padding is-layout-constrained wp-block-group-is-layout-constrained\">\n<div class=\"wp-block-columns is-layout-flex wp-container-core-columns-is-layout-28f84493 wp-block-columns-is-layout-flex\">\n<div class=\"wp-block-column is-layout-flow wp-block-column-is-layout-flow\">\n<div class=\"wp-block-buttons is-layout-flex wp-block-buttons-is-layout-flex\">\n<div class=\"wp-block-button has-custom-width wp-block-button__width-100 is-style-outline is-style-outline--1\"><a class=\"wp-block-button__link has-custom-font-size wp-element-button\" href=\"http:\/\/achavalip.ar\/?page_id=262\" style=\"padding-top:8%;padding-right:8%;padding-bottom:8%;padding-left:8%;font-size:clamp(0.875rem, 0.875rem + ((1vw - 0.2rem) * 0.145), 1rem);\">PROPIEDAD INTELECTUAL<\/a><\/div>\n<\/div>\n<\/div>\n\n\n\n<div class=\"wp-block-column is-layout-flow wp-block-column-is-layout-flow\">\n<div class=\"wp-block-buttons is-layout-flex wp-block-buttons-is-layout-flex\">\n<div class=\"wp-block-button has-custom-width wp-block-button__width-100 is-style-outline is-style-outline--2\"><a class=\"wp-block-button__link has-custom-font-size wp-element-button\" href=\"http:\/\/achavalip.ar\/?page_id=241\" style=\"padding-top:9%;padding-right:9%;padding-bottom:9%;padding-left:9%;font-size:clamp(0.875rem, 0.875rem + ((1vw - 0.2rem) * 0.029), 0.9rem);\">CONTENCIOSO<\/a><\/div>\n<\/div>\n<\/div>\n\n\n\n<div class=\"wp-block-column is-layout-flow wp-block-column-is-layout-flow\">\n<div class=\"wp-block-buttons has-custom-font-size has-medium-font-size is-layout-flex wp-block-buttons-is-layout-flex\">\n<div class=\"wp-block-button has-custom-width wp-block-button__width-100 is-style-outline is-style-outline--3\"><a class=\"wp-block-button__link has-custom-font-size wp-element-button\" href=\"http:\/\/achavalip.ar\/?page_id=259\" style=\"border-width:1px;padding-top:15px;padding-right:15px;padding-bottom:15px;padding-left:15px;font-size:11px\">LEALTAD COMERCIAL Y DEFENSA DEL CONSUMIDOR<\/a><\/div>\n<\/div>\n<\/div>\n\n\n\n<div class=\"wp-block-column is-layout-flow wp-block-column-is-layout-flow\">\n<div class=\"wp-block-buttons is-layout-flex wp-block-buttons-is-layout-flex\">\n<div class=\"wp-block-button has-custom-width wp-block-button__width-100 is-style-outline is-style-outline--4\"><a class=\"wp-block-button__link has-custom-font-size wp-element-button\" href=\"http:\/\/achavalip.ar\/?page_id=257\" style=\"padding-top:15px;padding-right:15px;padding-bottom:15px;padding-left:15px;font-size:clamp(14px, 0.875rem + ((1vw - 3.2px) * 0.217), 17px);\">NOMBRES DE DOMINIO<\/a><\/div>\n<\/div>\n<\/div>\n\n\n\n<div class=\"wp-block-column is-layout-flow wp-block-column-is-layout-flow\">\n<div class=\"wp-block-buttons is-layout-flex wp-block-buttons-is-layout-flex\">\n<div class=\"wp-block-button has-custom-width wp-block-button__width-100 is-style-outline is-style-outline--5\"><a class=\"wp-block-button__link has-custom-font-size wp-element-button\" href=\"http:\/\/achavalip.ar\/?page_id=268\" style=\"padding-top:8%;padding-right:8%;padding-bottom:8%;padding-left:8%;font-size:clamp(0.875rem, 0.875rem + ((1vw - 0.2rem) * 0.145), 1rem);\">DATOS PERSONALES<\/a><\/div>\n<\/div>\n<\/div>\n<\/div>\n<\/div>\n\n\n\n<p class=\"has-medium-font-size\" id=\"marcas\"><strong>Propiedad Intelectual<\/strong><\/p>\n\n\n\n<p class=\"has-small-font-size\">Estrategia y procedimientos: Dise\u00f1amos y desarrollamos estrategias para la protecci\u00f3n, defensa y maximizaci\u00f3n de tus activos intangibles.<\/p>\n\n\n\n<div style=\"height:2px\" aria-hidden=\"true\" class=\"wp-block-spacer\"><\/div>\n\n\n\n<p class=\"has-text-color has-link-color wp-elements-f31bc05c4d74b3a3c7a11d37cb0ff256\" style=\"color:#c0c22c;font-size:clamp(1.198rem, 1.198rem + ((1vw - 0.2rem) * 0.812), 1.9rem);\"><em>MARCAS<\/em><\/p>\n\n\n\n<p class=\"has-small-font-size\">Las marcas est\u00e1n reguladas por la ley 22.362 y esta dispone que son una o m\u00e1s palabras con o sin contenido conceptual y todo otro signo con capacidad distintiva, como por ejemplo un sonido o un olor particular. Sirven para distinguir e identificar productos y servicios y tambi\u00e9n cumplen un rol muy importante en la identificaci\u00f3n del origen de los mismos y en muchos casos son sin\u00f3nimos de calidad.<\/p>\n\n\n\n<p class=\"has-small-font-size\">Se registran ante el Instituto Nacional de la Propiedad Industrial (INPI). El proceso de su registro\u00a0-siempre que no haya objeciones- demora 6\u00a0meses aproximadamente. Una vez concedida la marca se otorga un t\u00edtulo de propiedad. Las marcas tienen una vigencia de 10 a\u00f1os contados a partir de su registro pero pueden ser renovadas indefinidamente por per\u00edodos iguales en la medida que hayan sido utilizadas en los cinco a\u00f1os anteriores a cada vencimiento en la comercializaci\u00f3n de un producto o en la prestaci\u00f3n de servicio e incluso como parte de la designaci\u00f3n de una actividad.<\/p>\n\n\n\n<p class=\"has-small-font-size\">El registro de marca consiste en un derecho de propiedad que otorga a su titular la exclusividad de su uso y la posibilidad de impedir que terceros utilicen la misma o un signo confundible, de all\u00ed la importancia de obtener su registro.<\/p>\n\n\n\n<p><strong>Nos ocupamos de: <\/strong><\/p>\n\n\n\n<div id=\"patentes\" class=\"wp-block-group has-white-color has-primary-background-color has-text-color has-background has-link-color wp-elements-8d166c89da1c4ce1e07966389389ae75 has-global-padding is-layout-constrained wp-container-core-group-is-layout-4c5ee718 wp-block-group-is-layout-constrained\" style=\"border-radius:57px;margin-top:5%;margin-bottom:5%;padding-top:6%;padding-right:6%;padding-bottom:6%;padding-left:6%\">\n<ul class=\"wp-block-list\">\n<li class=\"has-small-font-size\"><em>Brindar un asesoramiento previo al registro, realizando b\u00fasquedas y opinando sobre la registrabilidad de la marca.<\/em><\/li>\n\n\n\n<li class=\"has-small-font-size\"><em>Llevar adelante todo el proceso del registro hasta la obtenci\u00f3n de su t\u00edtulo de propiedad. <\/em><\/li>\n\n\n\n<li class=\"has-small-font-size\"><em>Controlar los vencimientos para la presentaci\u00f3n de la declaraci\u00f3n jurada de uso de medio t\u00e9rmino y la renovaci\u00f3n de marcas.<\/em><\/li>\n\n\n\n<li class=\"has-small-font-size\"><em>Presentar oposiciones, negociar acuerdos y realizar contestaciones de vistas y presentaciones de recursos administrativos y\/o judiciales, seg\u00fan fuere necesario.<\/em><\/li>\n\n\n\n<li class=\"has-small-font-size\"><em>Realizar tareas de auditor\u00eda legal o due diligence como as\u00ed tambi\u00e9n asesoramiento y redacci\u00f3n de contratos de licencias de marcas.<\/em><\/li>\n\n\n\n<li class=\"has-small-font-size\"><em>La defensa judicial de la marca.<\/em><\/li>\n\n\n\n<li class=\"has-small-font-size\"><em>Registros de marca en el extranjero. <\/em><\/li>\n<\/ul>\n<\/div>\n\n\n\n<p><\/p>\n\n\n\n<p class=\"has-text-color has-link-color wp-elements-ec2661ec28167facb28e0afdf15bdaf8\" style=\"color:#c0c22c;font-size:clamp(1.198rem, 1.198rem + ((1vw - 0.2rem) * 0.812), 1.9rem);\"><em>PATENTES Y MODELOS DE UTILIDAD<\/em><\/p>\n\n\n\n<p class=\"has-small-font-size\">Las patentes y modelos de utilidad est\u00e1n regidos por la ley 24.572. Ella establece que toda creaci\u00f3n humana que permita transformar materia o energ\u00eda para su aprovechamiento por el hombre se considerada una invenci\u00f3n. Se pueden patentar las invenciones de productos o de procedimientos en la medida que sean nuevas, entra\u00f1en una actividad inventiva y sean susceptibles de aplicaci\u00f3n industrial.<\/p>\n\n\n\n<p class=\"has-small-font-size\">Las patentes se registran ante el Instituto Nacional de la Propiedad Industrial. El proceso de su registro demora como m\u00ednimo 3 a 4 a\u00f1os aproximadamente. Una vez concedida la patente se otorga un t\u00edtulo de propiedad por 20 a\u00f1os contados a partir de la presentaci\u00f3n de la solicitud de patente.<\/p>\n\n\n\n<p class=\"has-small-font-size\">El registro de la patente consiste en un derecho de propiedad que otorga a su titular la exclusividad de su uso sobre su invento y la posibilidad de impedir que terceros utilicen el mismo, de all\u00ed la importancia de obtener su registro. <\/p>\n\n\n\n<p class=\"has-small-font-size\"><strong>El modelo de utilidad<\/strong> consiste en toda disposici\u00f3n o forma nueva obtenida o introducida en herramientas, instrumento de trabajo, utensilios, dispositivos u objetos conocidos, en cuanto importen una mejor utilizaci\u00f3n en la funci\u00f3n a que est\u00e9n destinados.<\/p>\n\n\n\n<p class=\"has-small-font-size\">Una vez obtenido su registro confiere a su creador el derecho exclusivo de explotaci\u00f3n por el plazo de 10 a\u00f1os improrrogables, contados a partir de la fecha de presentaci\u00f3n de la solicitud.<\/p>\n\n\n\n<p class=\"has-small-font-size\"><strong>Nos ocupamos de:<\/strong><\/p>\n\n\n\n<div id=\"modelos\" class=\"wp-block-group has-white-color has-primary-background-color has-text-color has-background has-link-color wp-elements-e35123e7a970d3edc56c11d50c1f6a6c has-global-padding is-layout-constrained wp-container-core-group-is-layout-4c5ee718 wp-block-group-is-layout-constrained\" style=\"border-radius:57px;margin-top:5%;margin-bottom:5%;padding-top:6%;padding-right:6%;padding-bottom:6%;padding-left:6%\">\n<ul class=\"wp-block-list\">\n<li class=\"has-small-font-size\"><em>Realizar b\u00fasquedas e informes de patentes para analizar la patentabilidad de la invenci\u00f3n.<\/em><\/li>\n\n\n\n<li class=\"has-small-font-size\"><em>Llevar adelante todo el tr\u00e1mite administrativo hasta la concesi\u00f3n de la patente o modelo de utilidad, contestar vistas y presentar recursos administrativos y\/o judiciales.<\/em><\/li>\n\n\n\n<li class=\"has-small-font-size\"><em>Pagar las anualidades de patentes.<\/em><\/li>\n\n\n\n<li class=\"has-small-font-size\"><em>Realizar tareas de auditor\u00eda legal o due diligence como as\u00ed tambi\u00e9n asesoramiento y redacci\u00f3n de contratos de licencias de patentes.<\/em><\/li>\n\n\n\n<li class=\"has-small-font-size\"><em>La defensa judicial de las patentes y modelos de utilidad<\/em>.<\/li>\n\n\n\n<li class=\"has-small-font-size\"><em>Solicitud de patentes en el exterior<\/em><\/li>\n<\/ul>\n<\/div>\n\n\n\n<p class=\"has-text-color has-link-color wp-elements-d3243f18c9549d87a0ed516ae23ab2b9\" style=\"color:#c0c22c;font-size:clamp(1.198rem, 1.198rem + ((1vw - 0.2rem) * 0.812), 1.9rem);\"><em>MODELOS Y DISE\u00d1OS INDUSTRIALES<\/em><\/p>\n\n\n\n<p class=\"has-small-font-size\">Los modelos y dise\u00f1os industriales est\u00e1n regulados en el DECRETO-LEY N\u00b0 6.673\/63 y consisten en las formas incorporadas a un producto industrial o artesanal que le confiere car\u00e1cter ornamental.<\/p>\n\n\n\n<p class=\"has-small-font-size\">Los modelos tienen un aspecto tridimensional mientras que en las formas los aspectos son bidimensionales.<\/p>\n\n\n\n<p class=\"has-small-font-size\">Para poder ser registrados, deben ser novedosos, es decir que no hayan sido publicados o explotados p\u00fablicamente, en el pa\u00eds o en el extranjero, con anterioridad a la fecha del registro. Tambi\u00e9n deben tener una configuraci\u00f3n y fisonom\u00eda propia y novedosa con respecto a modelos o dise\u00f1os industriales anteriores y sus elementos no deben estar impuestos por la funci\u00f3n t\u00e9cnica que debe desempe\u00f1ar el producto.<\/p>\n\n\n\n<p class=\"has-small-font-size\">Los modelos y dise\u00f1os industriales se depositan ante el Instituto Nacional de la Propiedad Industrial. La protecci\u00f3n se otorga por 5 a\u00f1os a partir de la fecha del dep\u00f3sito y se puede renovar por dos per\u00edodos consecutivos de la misma duraci\u00f3n. <\/p>\n\n\n\n<p class=\"has-small-font-size\">El titular obtiene el derecho de impedir la reproducci\u00f3n o imitaci\u00f3n no autorizada por parte de terceros de su modelo o dise\u00f1o industrial, de all\u00ed la importancia de contar su registro.<\/p>\n\n\n\n<p class=\"has-small-font-size\"><strong>Nos ocupamos de:<\/strong><\/p>\n\n\n\n<div id=\"derechos\" class=\"wp-block-group has-white-color has-primary-background-color has-text-color has-background has-link-color wp-elements-f0735b2d0f12f0a1da80726bd2102b04 has-global-padding is-layout-constrained wp-container-core-group-is-layout-4c5ee718 wp-block-group-is-layout-constrained\" style=\"border-radius:57px;margin-top:5%;margin-bottom:5%;padding-top:6%;padding-right:6%;padding-bottom:6%;padding-left:6%\">\n<ul class=\"wp-block-list\">\n<li class=\"has-small-font-size\"><em>Realizar b\u00fasquedas e informes para analizar la viabilidad del registro.<\/em><\/li>\n\n\n\n<li class=\"has-small-font-size\"><em>Llevar adelante todo el tr\u00e1mite administrativo hasta la obtenci\u00f3n del registro.<\/em><\/li>\n\n\n\n<li class=\"has-small-font-size\"><em>La defensa judicial de los modelos y dise\u00f1os industriales. <\/em><\/li>\n\n\n\n<li class=\"has-small-font-size\"><em>Registro de modelos y dise\u00f1os industriales en el exterior<\/em><\/li>\n<\/ul>\n<\/div>\n\n\n\n<p class=\"has-text-color has-link-color wp-elements-585c517afdadb93b2e051c6cb32ab6dd\" style=\"color:#c0c22c;font-size:clamp(1.198rem, 1.198rem + ((1vw - 0.2rem) * 0.812), 1.9rem);\"><em>DERECHOS DE AUTOR<\/em><\/p>\n\n\n\n<p class=\"has-small-font-size\">Los derechos de autor est\u00e1n regulados por la Ley 11.723 que protege toda producci\u00f3n cient\u00edfica, literaria, art\u00edstica o did\u00e1ctica inclusive el&nbsp;software&nbsp;siempre que sean originales.&nbsp;<\/p>\n\n\n\n<p class=\"has-small-font-size\">Es importante diferenciar que la protecci\u00f3n del derecho de autor abarcar\u00e1 la forma concreta de expresi\u00f3n de las ideas, procedimientos, m\u00e9todos de operaci\u00f3n y conceptos matem\u00e1ticos pero no esas ideas, procedimientos, m\u00e9todos y conceptos en s\u00ed.<\/p>\n\n\n\n<p class=\"has-small-font-size\">Argentina ha suscripto numerosos tratados internacionales vinculados a la protecci\u00f3n del derecho de autor como la Convenci\u00f3n de Berna por la cual se otorga reciprocidad de protecci\u00f3n a las obras extranjeras cuyos titulares pertenezcan a pa\u00edses que hayan adherido a dicha convenci\u00f3n.<\/p>\n\n\n\n<p class=\"has-small-font-size\">Si bien la obra se protege desde el mismo momento de su creaci\u00f3n siempre es aconsejable su dep\u00f3sito ante la Direcci\u00f3n Nacional del Derecho de Autor o sus entes cooperadores para obtener una fecha cierta.<\/p>\n\n\n\n<p class=\"has-small-font-size\">Los derechos de autor sobre la mayor\u00eda de las obras corresponden a los autores durante toda su vida y a sus herederos o derechohabientes hasta setenta a\u00f1os contados a partir del 1 de enero del a\u00f1o siguiente al de la muerte del autor. Otras obras tienen una duraci\u00f3n diferente, como en el caso de las fotograf\u00edas cuya duraci\u00f3n es de 20 a\u00f1os desde su publicaci\u00f3n. &nbsp;<\/p>\n\n\n\n<p class=\"has-small-font-size\"><strong>Nos ocupamos de:<\/strong><\/p>\n\n\n\n<div class=\"wp-block-group has-white-color has-primary-background-color has-text-color has-background has-link-color wp-elements-5b98c3ec9e2cf7d4db40132d69972eb3 has-global-padding is-layout-constrained wp-container-core-group-is-layout-4c5ee718 wp-block-group-is-layout-constrained\" style=\"border-radius:57px;margin-top:5%;margin-bottom:5%;padding-top:6%;padding-right:6%;padding-bottom:6%;padding-left:6%\">\n<ul class=\"wp-block-list\">\n<li class=\"has-small-font-size\"><em>Brindar un asesoramiento previo al dep\u00f3sito de derecho de autor.<\/em><\/li>\n\n\n\n<li class=\"has-small-font-size\"><em>Llevar adelante todo el tr\u00e1mite administrativo hasta la obtenci\u00f3n del registro.<\/em><\/li>\n\n\n\n<li class=\"has-small-font-size\"><em>Realizar tareas de auditor\u00eda legal o due diligence como as\u00ed tambi\u00e9n asesoramiento y redacci\u00f3n de contratos de licencias de derecho de autor y software.<\/em><\/li>\n\n\n\n<li class=\"has-small-font-size\"><em>La defensa judicial de los derechos de autor.<\/em><\/li>\n\n\n\n<li class=\"has-small-font-size\"><em>Redacci\u00f3n y registro de contratos ante la Direcci\u00f3n Nacional de Derecho de Autor (DNDA) <\/em><\/li>\n<\/ul>\n<\/div>\n\n\n\n<p class=\"has-small-font-size\"><\/p>\n\n\n\n<div style=\"height:100px\" aria-hidden=\"true\" class=\"wp-block-spacer\"><\/div>\n","protected":false},"excerpt":{"rendered":"<p>Servicios Propiedad Intelectual Estrategia y procedimientos: Dise\u00f1amos y desarrollamos estrategias para la protecci\u00f3n, defensa y maximizaci\u00f3n de tus activos intangibles. MARCAS Las marcas est\u00e1n reguladas por la ley 22.362 y esta dispone que son una o m\u00e1s palabras con o sin contenido conceptual y todo otro signo con capacidad distintiva, como por ejemplo un sonido [&hellip;]<\/p>\n","protected":false},"author":1,"featured_media":0,"parent":0,"menu_order":0,"comment_status":"closed","ping_status":"closed","template":"","meta":{"footnotes":""},"class_list":["post-262","page","type-page","status-publish","hentry"],"_links":{"self":[{"href":"https:\/\/achavalip.ar\/index.php?rest_route=\/wp\/v2\/pages\/262","targetHints":{"allow":["GET"]}}],"collection":[{"href":"https:\/\/achavalip.ar\/index.php?rest_route=\/wp\/v2\/pages"}],"about":[{"href":"https:\/\/achavalip.ar\/index.php?rest_route=\/wp\/v2\/types\/page"}],"author":[{"embeddable":true,"href":"https:\/\/achavalip.ar\/index.php?rest_route=\/wp\/v2\/users\/1"}],"replies":[{"embeddable":true,"href":"https:\/\/achavalip.ar\/index.php?rest_route=%2Fwp%2Fv2%2Fcomments&post=262"}],"version-history":[{"count":22,"href":"https:\/\/achavalip.ar\/index.php?rest_route=\/wp\/v2\/pages\/262\/revisions"}],"predecessor-version":[{"id":483,"href":"https:\/\/achavalip.ar\/index.php?rest_route=\/wp\/v2\/pages\/262\/revisions\/483"}],"wp:attachment":[{"href":"https:\/\/achavalip.ar\/index.php?rest_route=%2Fwp%2Fv2%2Fmedia&parent=262"}],"curies":[{"name":"wp","href":"https:\/\/api.w.org\/{rel}","templated":true}]}}